{"id":4397,"date":"2025-02-03T18:59:07","date_gmt":"2025-02-03T17:59:07","guid":{"rendered":"http:\/\/laurencekahn.be\/?page_id=4397"},"modified":"2026-01-14T11:42:33","modified_gmt":"2026-01-14T10:42:33","slug":"liste-des-ateliers-decriture","status":"publish","type":"page","link":"http:\/\/laurencekahn.be\/index.php\/liste-des-ateliers-decriture\/","title":{"rendered":"Liste des ateliers d&rsquo;\u00e9criture"},"content":{"rendered":"\n<figure class=\"wp-block-image size-large\"><img loading=\"lazy\" decoding=\"async\" width=\"1024\" height=\"722\" src=\"http:\/\/laurencekahn.be\/wp-content\/uploads\/2025\/06\/ToutesDirectionsRevu-1024x722.jpg\" alt=\"\" class=\"wp-image-4446\" srcset=\"http:\/\/laurencekahn.be\/wp-content\/uploads\/2025\/06\/ToutesDirectionsRevu-1024x722.jpg 1024w, http:\/\/laurencekahn.be\/wp-content\/uploads\/2025\/06\/ToutesDirectionsRevu-300x211.jpg 300w, http:\/\/laurencekahn.be\/wp-content\/uploads\/2025\/06\/ToutesDirectionsRevu-768x541.jpg 768w, http:\/\/laurencekahn.be\/wp-content\/uploads\/2025\/06\/ToutesDirectionsRevu-1536x1082.jpg 1536w, http:\/\/laurencekahn.be\/wp-content\/uploads\/2025\/06\/ToutesDirectionsRevu-2048x1443.jpg 2048w, http:\/\/laurencekahn.be\/wp-content\/uploads\/2025\/06\/ToutesDirectionsRevu-500x352.jpg 500w, http:\/\/laurencekahn.be\/wp-content\/uploads\/2025\/06\/ToutesDirectionsRevu-800x564.jpg 800w, http:\/\/laurencekahn.be\/wp-content\/uploads\/2025\/06\/ToutesDirectionsRevu-1280x902.jpg 1280w, http:\/\/laurencekahn.be\/wp-content\/uploads\/2025\/06\/ToutesDirectionsRevu-1920x1353.jpg 1920w\" sizes=\"(max-width: 1024px) 100vw, 1024px\" \/><\/figure>\n\n\n\n<p><\/p>\n\n\n\n<p class=\"has-text-color has-link-color has-medium-font-size wp-elements-971271cb7f5c8ca074acf16a2a1e4c1f\" style=\"color:#f3690e\"><strong>2025 \u2013 2026<\/strong><\/p>\n\n\n\n<p>Ateliers d\u2019\u00e9criture \u00ab\u00a0\u00c9criture et voix\u00a0\u00bb avec des usager\u00b7\u00e8res de SOS jeunes afin de permettre l\u2019expression \u00e9crite puis l\u2019enregistrement des voix  \u2014 <strong>SOS jeunes et asbl Article 27<\/strong>.<\/p>\n\n\n\n<p class=\"has-text-color has-link-color has-medium-font-size wp-elements-a0ac603c9afcff5f2cf1efb8f60372db\" style=\"color:#f3690e\"><strong>2023 \u2013 2025<\/strong><\/p>\n\n\n\n<p><em>\u2022 <\/em>Ateliers d\u2019\u00e9criture \u00ab&nbsp;Le droit de choisir&nbsp;\u00bb avec des usag\u00e8res du CPAS d\u2019Ixelles dans le but de cr\u00e9er un podcast \u2014 <strong>CPAS d\u2019Ixelles et asbl Article 27<\/strong>.<\/p>\n\n\n\n<p><em>\u2022 <\/em>Ateliers d\u2019\u00e9criture \u00e0 partir d\u2019\u0153uvres du Mus\u00e9e d\u2019Ixelles en vue de cr\u00e9er des cartels sensibles \u2014 <strong>Mus\u00e9e d\u2019Ixelles<\/strong>.<\/p>\n\n\n\n<p><em>\u2022 <\/em>Ateliers d\u2019\u00e9criture et d\u2019expression corporelle avec des jeunes de l\u2019AMO Transit et du SRG Notre Logis en collaboration avec Alexis Tomasello. Pr\u00e9sentation publique \u00e0 la parade de la Journ\u00e9e mondiale du louvi\u00e9rois \u2014 <strong>CEC Les Ateliers la t\u00eate en l\u2019air\/Central et l\u2019asbl Article 27<\/strong>.<\/p>\n\n\n\n<p class=\"has-text-color has-link-color has-medium-font-size wp-elements-8d9cc08bc8185539404ebccd7f647f7d\" style=\"color:#f3690e\"><strong>2022 \u2013 2023<\/strong><\/p>\n\n\n\n<p>Ateliers d\u2019\u00e9criture et th\u00e9\u00e2tre \u00ab&nbsp;De l\u2019oralit\u00e9 au plaisir d\u2019\u00e9crire 2&nbsp;\u00bb avec un groupe d\u2019adultes suivant des cours de FLE. Cr\u00e9ation collective du <a href=\"https:\/\/www.youtube.com\/watch?v=XO41PeNBVss\" target=\"_blank\" rel=\"noreferrer noopener\">podcast \u00ab&nbsp;Au bout du fil&nbsp;\u00bb<\/a> pr\u00e9sent\u00e9 au Th\u00e9\u00e2tre de La Louvi\u00e8re \u2014 <strong>CEC Les Ateliers la t\u00eate en l\u2019air\/Central avec la Ligue des Familles de La Louvi\u00e8re<\/strong>.<\/p>\n\n\n\n<p class=\"has-text-color has-link-color wp-elements-e1c5c98d267c3f2a2595e3249d9b4545\" style=\"color:#f3690e;font-size:20px\"><strong>2021 \u2013 2022<\/strong><\/p>\n\n\n\n<p><em>\u2022 <\/em>Ateliers d\u2019\u00e9criture et th\u00e9\u00e2tre \u00ab&nbsp;De l\u2019oralit\u00e9 au plaisir d\u2019\u00e9crire&nbsp;\u00bb avec un groupe d\u2019adultes suivant des cours de FLE. Pr\u00e9sentation publique intitul\u00e9e <em>Vive les droits des femmes&nbsp;!<\/em> \u2014 <strong>CEC Les Ateliers la t\u00eate en l\u2019air\/Central avec la Ligue des Familles de La Louvi\u00e8re<\/strong>.<\/p>\n\n\n\n<p><em>\u2022 <\/em>Ateliers d\u2019improvisation \u00e9crite, th\u00e9\u00e2tre et illustration avec des enfants de 5 \u00e0 12 ans en collaboration avec Lo\u00efc Holzemer, David Caryn et Thomas Vermeire \u2014 <strong>Atelier Graffiti \u00e0 Li\u00e8ge<\/strong>.<\/p>\n\n\n\n<p class=\"has-text-color has-link-color has-medium-font-size wp-elements-14036dc369b6e1f46eae7e11838034ed\" style=\"color:#f3690e\"><strong>2020 \u2013 2021<\/strong><\/p>\n\n\n\n<p>\u2022 Ateliers d\u2019improvisation avec les mots \u00ab&nbsp;La danse des mots&nbsp;2&nbsp;\u00bb avec une classe de 3<sup>e<\/sup> primaire en collaboration avec la danseuse Federica Antonelli \u2014 <strong>Centre culturel Jacques Franck et La Roseraie<\/strong>.<\/p>\n\n\n\n<p><em>\u2022 <\/em>Ateliers d\u2019\u00e9criture \u00ab&nbsp;Inventer un nouveau monde&nbsp;\u00bb avec une classe de 6<sup>e <\/sup>primaire \u00e0 l\u2019\u00e9cole Sainte-Al\u00e8ne dans le cadre des \u00ab&nbsp;bulles d\u2019art \u00e0 l\u2019\u00e9cole&nbsp;\u00bb \u2014 <strong>La Roseraie<\/strong>.<\/p>\n\n\n\n<p class=\"has-text-color has-link-color has-medium-font-size wp-elements-8a31f32ec968193034dd07c9e223bbc8\" style=\"color:#f3690e\"><strong>2019 \u2013 2020<\/strong><\/p>\n\n\n\n<p>Ateliers d\u2019\u00e9criture \u00ab&nbsp;La danse des mots&nbsp;\u00bb avec une classe de 4<sup>e<\/sup> primaire en collaboration avec la danseuse Federica Antonelli \u2014 <strong>Centre culturel Jacques Franck et La Roseraie.<\/strong><\/p>\n\n\n\n<p class=\"has-text-color has-link-color has-medium-font-size wp-elements-d44fe5e2f72daf767927f8e63d0514ae\" style=\"color:#f3690e\"><strong>2018 \u2013 2019<\/strong><\/p>\n\n\n\n<p>Ateliers d\u2019\u00e9criture <a href=\"http:\/\/laurencekahn.be\/index.php\/la-foret-se-raconte\/\" data-type=\"link\" data-id=\"http:\/\/laurencekahn.be\/index.php\/la-foret-se-raconte\/\" target=\"_blank\" rel=\"noreferrer noopener\">\u00ab&nbsp;La for\u00eat se raconte&nbsp;\u00bb<\/a> avec deux classes de 4<sup>e<\/sup> primaire dans le cadre du projet inter-\u00e9coles \u00ab&nbsp;La Culture a de la Classe&nbsp;\u00bb \u2014 <strong>La V\u00e9nerie et La Roseraie.<\/strong><\/p>\n\n\n\n<p class=\"has-text-color has-link-color has-medium-font-size wp-elements-dd962e5998582d269236e1a1f13ddb37\" style=\"color:#f3690e\"><strong>2017 \u2013 2018<\/strong><\/p>\n\n\n\n<p>Ateliers d\u2019\u00e9criture suite au spectacle <em>La convivialit\u00e9<\/em> avec des enfants de 5<sup>e<\/sup> et 6<sup>e <\/sup>primaires au Centre culturel Jacques Franck \u2014 <strong>La Roseraie<\/strong>.<\/p>\n\n\n\n<p class=\"has-text-color has-link-color has-medium-font-size wp-elements-28566f7dff062a5042938a16292bfbe5\" style=\"color:#f3690e\"><strong>2015 \u2013 2017<\/strong><\/p>\n\n\n\n<p>Ateliers d\u2019\u00e9criture d\u2019une pi\u00e8ce de th\u00e9\u00e2tre \u00e0 l\u2019Institut Pacheco. Lecture publique de <a href=\"http:\/\/laurencekahn.be\/index.php\/la-piece-boules-de-lyser\/\" target=\"_blank\" rel=\"noreferrer noopener\">la pi\u00e8ce <em>Boules de l\u2019Yser<\/em><\/a> par ses auteur\u00b7rices \u2014 <strong>Th\u00e9\u00e2tre Les Tanneurs<\/strong>.<\/p>\n\n\n\n<p class=\"has-text-color has-link-color has-medium-font-size wp-elements-b28045898bae2b6692b77b6ff6a16ba6\" style=\"color:#f3690e\"><strong>2015 \u2013 2016<\/strong><\/p>\n\n\n\n<p>\u2022 Ateliers \u00ab&nbsp;La langue fran\u00e7aise festiboule&nbsp;\u00bb dans le cadre de la semaine \u00ab&nbsp;La langue fran\u00e7aise en f\u00eate&nbsp;\u00bb \u2014 <strong>Biblioth\u00e8que des Riches Claires<\/strong>.<\/p>\n\n\n\n<p>\u2022 Ateliers de cr\u00e9ation th\u00e9\u00e2trale avec des enfants de 8 \u00e0 14 ans \u2014 <strong>Th\u00e9\u00e2tre Les Tanneurs, Projet de Coh\u00e9sion Sociale Radis-Marolles et Les Ateliers Populaires.<\/strong><\/p>\n\n\n\n<p>\u2022 Ateliers d\u2019\u00e9criture autour du spectacle <em>Jojo au bord du monde <\/em>avec des enfants de 8 \u00e0 12 ans \u2014 <strong>Th\u00e9\u00e2tre Les Tanneurs et Antenne Sociale B\u00e9guinage.<\/strong><\/p>\n\n\n\n<p><em>\u2022 <\/em>Pr\u00e9sentation d\u2019ateliers&nbsp;: lecture publique par les auteur\u00b7rices de textes issus d\u2019ateliers \u00e0 l\u2019Institut Pacheco, la maison de repos et de soins \u00ab&nbsp;Aux Ursulines&nbsp;\u00bb et l\u2019association Habitat et R\u00e9novation \u2014 <strong>Th\u00e9\u00e2tre Les Tanneurs.<\/strong><\/p>\n\n\n\n<p class=\"has-text-color has-link-color has-medium-font-size wp-elements-7c7117efd443e5e191a0903f61474bd3\" style=\"color:#f3690e\"><strong>2014 \u2013 2015<\/strong><\/p>\n\n\n\n<p>\u2022 Ateliers d\u2019improvisation \u00e9crite <a href=\"http:\/\/laurencekahn.be\/index.php\/impro-mots\/\" target=\"_blank\" rel=\"noreferrer noopener\">IMPRO MOTS<\/a> \u2014 <strong>Biblioth\u00e8que des Riches Claires.<\/strong><\/p>\n\n\n\n<p>\u2022 Ateliers <a href=\"http:\/\/laurencekahn.be\/index.php\/saint-gilles-ile-des-mots\/\" target=\"_blank\" rel=\"noreferrer noopener\">\u00ab&nbsp;Saint-Gilles, \u00eele des mots&nbsp;\u00bb<\/a> d\u2019improvisation \u00e9crite, lecture publique et r\u00e9alisation d\u2019affiches dans le cadre de \u00ab&nbsp;Saint-Gilles ville des mots 2015&nbsp;\u00bb \u2014 <strong>Maison du Livre, Plus T\u00f4t Te Laat (PTTL) et la librairie C\u00e9pages.<\/strong><\/p>\n\n\n\n<p>\u2022 Atelier \u00ab&nbsp;Regard(s)&nbsp;\u00bb de recueil d\u2019impressions suite \u00e0 la visite de l\u2019exposition <em>Ribambelles<\/em> de Lo\u00efc Gaume \u2014 <strong>Maison du Livre.<\/strong><\/p>\n\n\n\n<p class=\"has-text-color has-link-color has-medium-font-size wp-elements-d0b14c991b67824bc153783d224e70a2\" style=\"color:#f3690e\"><strong>2013 \u2013 2016<\/strong><\/p>\n\n\n\n<p>JEUX D\u2019\u00c9CRITURE&nbsp;: suite aux ateliers d&rsquo;improvisation \u00e9crite \u00e0 l\u2019Institut Pacheco et \u00e0 la maison de repos et de soins \u00ab&nbsp;Aux Ursulines&nbsp;\u00bb, <a href=\"http:\/\/laurencekahn.be\/index.php\/les-lectures-publiques\/\" data-type=\"link\" data-id=\"http:\/\/laurencekahn.be\/index.php\/les-lectures-publiques\/\" target=\"_blank\" rel=\"noreferrer noopener\">lectures publiques<\/a> par les auteur\u00b7rices lors de diff\u00e9rentes \u00e9ditions de la F\u00eate des Saltimbanques du Centre culturel Bruegel \u2014 <strong>Th\u00e9\u00e2tre Les Tanneurs.<\/strong><\/p>\n\n\n\n<p class=\"has-text-color has-link-color has-medium-font-size wp-elements-c0f967d2cec0d1d6883cac06b7e3536f\" style=\"color:#f3690e\"><strong>2013 \u2013 2014<\/strong><\/p>\n\n\n\n<p>\u2022 Ateliers \u00ab&nbsp;Une exp\u00e9rience sensible&nbsp;\u00bb avec le groupe avanc\u00e9 de Lire et \u00c9crire dans le cadre de la semaine \u00ab&nbsp;La langue fran\u00e7aise en f\u00eate&nbsp;\u00bb \u2014 <strong>Maison des Cultures et de la Coh\u00e9sion Sociale de Molenbeek.<\/strong><\/p>\n\n\n\n<p>\u2022 Ateliers \u00ab&nbsp;Le mobilier urbain&nbsp;\u00bb contribuant \u00e0 la cr\u00e9ation du journal gratuit <em>Banc public <\/em>tir\u00e9 en 9000 exemplaires dans le cadre des Ateliers urbains \u2014 <strong>Centre Vid\u00e9o de Bruxelles (CVB) et Plus T\u00f4t Te Laat (PTTL).<\/strong><\/p>\n\n\n\n<p>\u2022 Atelier \u00ab&nbsp;Un temps pour savourer&nbsp;\u00bb dans le cadre du Parcours Diversit\u00e9 2013 sur le th\u00e8me \u00ab&nbsp;1060 saveurs&nbsp;\u00bb \u2014 <strong>Maison du Livre.<\/strong><\/p>\n\n\n\n<p>\u2022 Ateliers \u00ab&nbsp;La vie aux Goujons&nbsp;\u00bb dans le cadre des Ateliers urbains \u2014 <strong>Centre Vid\u00e9o de Bruxelles (CVB) et Plus T\u00f4t Te Laat (PTTL).<\/strong><\/p>\n\n\n\n<p>\u2022 Ateliers DANSE ET MOTS avec des enfants de 8 \u00e0 12 ans en collaboration avec la danseuse Caroline Corn\u00e9lis \u2014 <strong>Th\u00e9\u00e2tre Les Tanneurs et Antenne Sociale B\u00e9guinage.<\/strong><\/p>\n\n\n\n<p class=\"has-text-color has-link-color has-medium-font-size wp-elements-55547394b28cfb089a6948e516e78fa0\" style=\"color:#f3690e\"><strong>2012 \u2013 2016<\/strong><\/p>\n\n\n\n<p>Ateliers <a href=\"http:\/\/laurencekahn.be\/index.php\/en-train-decrire\/\" data-type=\"link\" data-id=\"http:\/\/laurencekahn.be\/index.php\/en-train-decrire\/\" target=\"_blank\" rel=\"noreferrer noopener\">EN TRAIN &#8211; D\u00c9CRIRE<\/a> \u00e0 Gand, Li\u00e8ge, Ostende, Namur, Malines, Tournai, Anvers, Blankenberge, Mons, Nivelles, Louvain et Boitsfort \u2014 <strong>Th\u00e9\u00e2tre Les Tanneurs.<\/strong><\/p>\n\n\n\n<p class=\"has-text-color has-link-color has-medium-font-size wp-elements-4d3e5524b162a84f344254a42e554fab\" style=\"color:#f3690e\"><strong>2012 \u2013 2014<\/strong><\/p>\n\n\n\n<p>Ateliers d\u2019improvisation \u00e9crite et th\u00e9\u00e2trale <em><a href=\"http:\/\/laurencekahn.be\/index.php\/parole-sciolte-improvvisazione-scritta\/\" target=\"_blank\" rel=\"noreferrer noopener\">PAROLE SCIOLTE<\/a> <\/em>en collaboration avec la com\u00e9dienne Ketty Di Porto \u2014 <strong>organis\u00e9s \u00e0 Sambuco et \u00e0 Cerveteri (Italie).<\/strong><\/p>\n\n\n\n<p class=\"has-text-color has-link-color has-medium-font-size wp-elements-47a6f695cb6b88e0fecbffd9fb4eb890\" style=\"color:#f3690e\"><strong>2012 \u2013 2013<\/strong><\/p>\n\n\n\n<p>\u2022 Atelier d\u2019initiation \u00e0 l\u2019improvisation \u00e9crite JEUX D\u2019\u00c9CRITURE dans le cadre des Journ\u00e9es Portes Ouvertes \u2014 <strong>Maison du Livre.<\/strong><\/p>\n\n\n\n<p>\u2022 Ateliers d\u2019\u00e9criture et lecture NO POETRY&nbsp;? NO PARTY&nbsp;! se concluant par une pr\u00e9sentation publique avec les musiciens de la Troupe Po\u00e9tique Nomade \u00e0 l\u2019Espace Senghor \u2014 <strong>\u00c9ditions maelstr\u00d6m, Biblioth\u00e8que Herg\u00e9 et Espace Senghor.<\/strong><\/p>\n\n\n\n<p>\u2022 Ateliers de recueil d\u2019impressions propos\u00e9s au comit\u00e9 culturel du CPAS de Saint- Gilles et \u00e0 l\u2019association Nativitas suite \u00e0 l\u2019exposition \u00ab&nbsp;J\u2019ai faim&nbsp;!&nbsp;\u00bb \u2014 <strong>Maison du Livre.<\/strong><\/p>\n\n\n\n<p>\u2022 Ateliers \u00ab&nbsp;L\u2019eau dans la ville&nbsp;\u00bb et \u00ab&nbsp;Toponymie&nbsp;\u00bb dans le cadre des Ateliers urbains \u2014 <strong>Centre Vid\u00e9o de Bruxelles (CVB) et Plus T\u00f4t Te Laat (PTTL).<\/strong><\/p>\n\n\n\n<p class=\"has-text-color has-link-color has-medium-font-size wp-elements-ecc3ccfc656c9b87539bd89cfd2c7e9d\" style=\"color:#f3690e\"><strong>2011 \u2013 2013<\/strong><\/p>\n\n\n\n<p>Ateliers de recueil d\u2019impressions propos\u00e9s au comit\u00e9 culturel dans le cadre du projet \u00ab&nbsp;recueil de traces suite aux sorties&nbsp;\u00bb \u2014 <strong>CPAS de Saint-Gilles et Maison du Livre.<\/strong><\/p>\n\n\n\n<p class=\"has-text-color has-link-color has-medium-font-size wp-elements-6794b50fb76dba5ccfb11302e3a40ec0\" style=\"color:#f3690e\"><strong>2011 \u2013 2012<\/strong><\/p>\n\n\n\n<p>\u2022 Ateliers d\u2019improvisation \u00e9crite et dans\u00e9e en collaboration avec la danseuse Aude Cartoux \u2014 <strong>Maison du Livre.<\/strong><\/p>\n\n\n\n<p>\u2022 Ateliers d\u2019\u00e9criture de chansons avec des usager\u00b7\u00e8res du CPAS d\u2019Uccle \u2014 <strong>asbl Article 27.<\/strong><\/p>\n\n\n\n<p>\u2022 Ateliers d\u2019improvisation \u00e9crite JOUER AVEC LES MOTS avec une classe de 3<sup>e <\/sup>professionnelle artistique \u2014 <strong>Institut Sainte-Marie.<\/strong><\/p>\n\n\n\n<p>\u2022 Ateliers d\u2019improvisation \u00e9crite JOUER AVEC LES MOTS avec des patient\u00b7es de l\u2019H\u00f4pital de jour Paul Sivadon \u2014 <strong>CHU Brugmann.<\/strong><\/p>\n\n\n\n<p>\u2022 Ateliers d\u2019improvisation \u00e9crite <em><a href=\"http:\/\/laurencekahn.be\/index.php\/parole-sciolte-improvvisazione-scritta\/\" data-type=\"link\" data-id=\"http:\/\/laurencekahn.be\/index.php\/parole-sciolte-improvvisazione-scritta\/\" target=\"_blank\" rel=\"noreferrer noopener\">PAROLE SCIOLTE<\/a><\/em> \u2014 <strong>organis\u00e9s \u00e0 Cerveteri (Italie).<\/strong><\/p>\n\n\n\n<p class=\"has-text-color has-link-color has-medium-font-size wp-elements-4ea2852a24a8bf9009ec2015c45423ea\" style=\"color:#f3690e\"><strong>2010 \u2013 2016<\/strong><\/p>\n\n\n\n<p>Ateliers d\u2019improvisation \u00e9crite <a href=\"http:\/\/laurencekahn.be\/index.php\/ricochets-a-ursulines-et-pacheco\/\" target=\"_blank\" rel=\"noreferrer noopener\">JEUX D\u2019\u00c9CRITURE \u00e0 l\u2019Institut Pacheco<\/a> \u2014 <strong>Th\u00e9\u00e2tre Les Tanneurs.<\/strong><\/p>\n\n\n\n<p class=\"has-text-color has-link-color has-medium-font-size wp-elements-c257ce6304054b8565454e719a0e219f\" style=\"color:#f3690e\"><strong>2010 \u2013 2015<\/strong><\/p>\n\n\n\n<p>Ateliers d\u2019improvisation \u00e9crite <a href=\"http:\/\/laurencekahn.be\/index.php\/ricochets-a-ursulines-et-pacheco\/\" target=\"_blank\" rel=\"noreferrer noopener\">JEUX D\u2019\u00c9CRITURE \u00e0 la maison de repos et de soins \u00ab&nbsp;Aux Ursulines&nbsp;\u00bb<\/a> \u2014 <strong>Th\u00e9\u00e2tre Les Tanneurs.<\/strong><\/p>\n\n\n\n<p class=\"has-text-color has-link-color has-medium-font-size wp-elements-aae04f3a1e0071942b3bf0f367943777\" style=\"color:#f3690e\"><strong>2010 \u2013 2012<\/strong><\/p>\n\n\n\n<p>Ateliers d\u2019improvisation \u00e9crite <a href=\"http:\/\/laurencekahn.be\/index.php\/page-1\/\" target=\"_blank\" rel=\"noreferrer noopener\">JEUX D\u2019\u00c9CRITURE<\/a> avec un groupe d\u2019orientation professionnelle \u2014 <strong>Mission locale d\u2019Etterbeek.<\/strong><\/p>\n\n\n\n<p class=\"has-text-color has-link-color has-medium-font-size wp-elements-629a8e9132bdd34c2bc725952ddc326c\" style=\"color:#f3690e\"><strong>2010 \u2013 2011<\/strong><\/p>\n\n\n\n<p>\u2022 Ateliers d\u2019improvisation \u00e9crite <a href=\"http:\/\/laurencekahn.be\/index.php\/page-1\/\" target=\"_blank\" rel=\"noreferrer noopener\">JEUX D\u2019\u00c9CRITURE<\/a> au Centre Social du B\u00e9guinage \u2014 <strong>Th\u00e9\u00e2tre Les Tanneurs.<\/strong><\/p>\n\n\n\n<p>\u2022 Ateliers d\u2019improvisation \u00e9crite <em><a href=\"http:\/\/laurencekahn.be\/index.php\/parole-sciolte-improvvisazione-scritta\/\" target=\"_blank\" rel=\"noreferrer noopener\">PAROLE SCIOLTE<\/a><\/em> \u2014 <strong>Associazione culturale italo-belga Bologna-Bruxelles A\/R \u00e0 Bologne (Italie).<\/strong><\/p>\n\n\n\n<p>\u2022 Ateliers d\u2019improvisation \u00e9crite dans le cadre du projet \u00ab&nbsp;Eau, source de vie&nbsp;\u00bb \u2014 <strong>asbl Eyad.<\/strong><\/p>\n\n\n\n<p class=\"has-text-color has-link-color has-medium-font-size wp-elements-aae04f3a1e0071942b3bf0f367943777\" style=\"color:#f3690e\"><strong>2010 \u2013 2012<\/strong><\/p>\n\n\n\n<p>Ateliers de recueil d\u2019impressions propos\u00e9s au comit\u00e9 des spectateur\u00b7rices suite aux spectacles <em>La Trag\u00e9die Comique<\/em> et <em>Une soci\u00e9t\u00e9 de services<\/em> \u2014 <strong>Th\u00e9\u00e2tre Les Tanneurs.<\/strong><\/p>\n\n\n\n<p class=\"has-text-color has-link-color has-medium-font-size wp-elements-0edeb8659b05651968745cdb902687b0\" style=\"color:#f3690e\"><strong>2009 \u2013 2016<\/strong><\/p>\n\n\n\n<p>Ateliers d\u2019improvisation \u00e9crite <a href=\"http:\/\/laurencekahn.be\/index.php\/avec-les-enfants\/\" target=\"_blank\" rel=\"noreferrer noopener\">JEUX D\u2019\u00c9CRITURE avec des enfants<\/a> de 8 \u00e0 12 ans \u00e0 l\u2019Antenne Sociale Anneessens, l\u2019Antenne Sociale B\u00e9guinage, l\u2019Antenne Sociale St\u00e9phanie, l\u2019Antenne Sociale Miroir, l\u2019Antenne Sociale Nord-Est, la Maison de Quartier Cit\u00e9 Mod\u00e8le et l\u2019association Habitat et R\u00e9novation \u2014 <strong>Th\u00e9\u00e2tre Les Tanneurs.<\/strong><\/p>\n\n\n\n<p class=\"has-text-color has-link-color has-medium-font-size wp-elements-4593e111d8c003bdcbdd7ebbe75f6298\" style=\"color:#f3690e\"><strong>2009 \u2013 2010<\/strong><\/p>\n\n\n\n<p>\u2022 Ateliers d\u2019improvisation orale et \u00e9crite dans le cadre du projet \u00ab&nbsp;Fais pas ton genre&nbsp;!&nbsp;\u00bb \u2014 <strong>asbl Bruxelles La\u00efque.<\/strong><\/p>\n\n\n\n<p>\u2022 Ateliers d\u2019improvisation \u00e9crite JOUER AVEC LES MOTS avec des enfants de 9 \u00e0 12 ans \u2014 <strong>asbl Bouillon de cultures.<\/strong><\/p>\n\n\n\n<p>\u2022 Ateliers d\u2019improvisation \u00e9crite <a href=\"http:\/\/laurencekahn.be\/index.php\/page-1\/\" target=\"_blank\" rel=\"noreferrer noopener\">JEUX D\u2019\u00c9CRITURE<\/a> avec une classe de 1<sup>re <\/sup>ann\u00e9e de l\u2019Institut Diderot \u2014 <strong>Th\u00e9\u00e2tre Les Tanneurs.<\/strong><\/p>\n\n\n\n<p class=\"has-text-color has-link-color has-medium-font-size wp-elements-ffef5d8f02db5917f35a754b59b07415\" style=\"color:#f3690e\"><strong>2008 \u2013 2009<\/strong><\/p>\n\n\n\n<p>Ateliers d\u2019improvisation \u00e9crite <a href=\"http:\/\/laurencekahn.be\/index.php\/page-1\/\" target=\"_blank\" rel=\"noreferrer noopener\">JEUX D\u2019\u00c9CRITURE<\/a> dans le cadre du mini-festival \u00ab&nbsp;Elles causent&nbsp;\u00bb avec 9 groupes li\u00e9s \u00e0 diverses associations (EPFC, CARIA, Nativitas, CGAM, Lire et \u00c9crire\u2026) \u2014 <strong>Th\u00e9\u00e2tre Les Tanneurs.<\/strong><\/p>\n\n\n\n<p class=\"has-text-color has-link-color has-medium-font-size wp-elements-24fb902e1c72603649fb3e2f618f3db3\" style=\"color:#f3690e\"><strong>2007 \u2013 2009<\/strong><\/p>\n\n\n\n<p>Ateliers d\u2019improvisation \u00e9crite <a href=\"http:\/\/laurencekahn.be\/index.php\/impro-mots\/\" target=\"_blank\" rel=\"noreferrer noopener\">IMPRO MOTS<\/a> \u2014 <strong>Biblioth\u00e8que Herg\u00e9 et Biblioth\u00e8que de l\u2019Espace Car\u00eame<\/strong>.<\/p>\n\n\n\n<p class=\"has-text-color has-link-color has-medium-font-size wp-elements-57b58000c6765c75e3ac15ab0f8d6687\" style=\"color:#f3690e\"><strong>2006 \u2013 2009<\/strong><\/p>\n\n\n\n<p>Ateliers d\u2019improvisation \u00e9crite et th\u00e9\u00e2trale <em><a href=\"http:\/\/laurencekahn.be\/index.php\/ateliers-pour-la-par-tot-parata\/\" target=\"_blank\" rel=\"noreferrer noopener\">Cani sciolti<\/a><\/em> dans le cadre de la Par T\u00f2t parade \u2014 <strong>Associazione culturale Oltre \u00e0 Bologne (Italie).<\/strong><\/p>\n\n\n\n<p class=\"has-text-color has-link-color has-medium-font-size wp-elements-063c5f1d72fceaf2f4a212f5080e2002\" style=\"color:#f3690e\"><strong>2006 \u2013 2007<\/strong><\/p>\n\n\n\n<p>\u2022 Ateliers d\u2019improvisation \u00e9crite dans le cadre du FEST-FESTival \u2014 <strong>Associazione culturale Oltre \u00e0 Bologne (Italie).<\/strong><\/p>\n\n\n\n<p>\u2022 Ateliers d\u2019\u00e9criture et illustration autour du spectacle <em>Les Mari\u00e9s de la Tour Eiffel <\/em>du Th\u00e9\u00e2tre du Tilleul \u2014 <strong>Th\u00e9\u00e2tre La montagne magique.<\/strong><\/p>\n\n\n\n<p class=\"has-text-color has-link-color has-medium-font-size wp-elements-a3843e86de625a6fb2afe0c14856a6e0\" style=\"color:#f3690e\"><strong>2005 \u2013 2006<\/strong><\/p>\n\n\n\n<p>\u2022 Ateliers d\u2019improvisation \u00e9crite en collaboration avec le com\u00e9dien Marco Cupellari pour le projet <em>Teatro e Scrittura<\/em> \u2014 <strong>festival La Soglia Onirica \u00e0 Benevento (Italie).<\/strong><\/p>\n\n\n\n<p>\u2022 Ateliers d\u2019\u00e9criture pour le projet <em>I pennuti<\/em> dans le cadre de la Par T\u00f2t parade \u2014 <strong>Associazione culturale Oltre \u00e0 Bologne (Italie).<\/strong><\/p>\n\n\n\n<p>\u2022 Ateliers d\u2019\u00e9criture autour du spectacle <em>Les Mari\u00e9s de la Tour Eiffel<\/em> du Th\u00e9\u00e2tre du Tilleul \u2014 <strong>Th\u00e9\u00e2tre Les Tanneurs.<\/strong><\/p>\n\n\n\n<p>\u2022 Ateliers avec les participant\u00b7es du Projet-Quartier pour la pr\u00e9paration du spectacle <em>Valses de famille<\/em> \u2014 <strong>Th\u00e9\u00e2tre Les Tanneurs.<\/strong><\/p>\n\n\n\n<p class=\"has-text-color has-link-color has-medium-font-size wp-elements-54a411faf9cc24de4ebc62219abcd257\" style=\"color:#f3690e\"><strong>2004 \u2013 2005<\/strong><\/p>\n\n\n\n<p>\u2022 Atelier sur le quartier des Marolles dans le cadre de \u00ab&nbsp;Marolles, ma DiverCit\u00e9&nbsp;!&nbsp;\u00bb \u2014 <strong>Th\u00e9\u00e2tre Les Tanneurs.<\/strong><\/p>\n\n\n\n<p>\u2022 Ateliers autour du spectacle <em>Tout le monde s\u2019appelle Martine<\/em> \u2014 <strong>Th\u00e9\u00e2tre Les Tanneurs.<\/strong><\/p>\n\n\n\n<p class=\"has-text-color has-link-color has-medium-font-size wp-elements-71916e4cddede37f2772039ed5a897af\" style=\"color:#f3690e\"><strong>2003 \u2013 2004<\/strong><\/p>\n\n\n\n<p>\u2022 Atelier avec des \u00e9l\u00e8ves du cours de fran\u00e7ais dans le cadre de la Journ\u00e9e internationale de lutte pour les droits des femmes \u2014 <strong>asbl CARIA<\/strong>.<\/p>\n\n\n\n<p>\u2022 Ateliers avec les participant\u00b7es du Projet-Quartier afin de cr\u00e9er les textes du <a href=\"http:\/\/laurencekahn.be\/index.php\/le-spectacle-tout-le-monde-sappelle-martine\/\" target=\"_blank\" rel=\"noreferrer noopener\">spectacle <em>Tout le monde s\u2019appelle Martine<\/em><\/a><em> <\/em>\u2014 <strong>Th\u00e9\u00e2tre Les Tanneurs.<\/strong><\/p>\n\n\n\n<p>\u2022 Ateliers autour du spectacle <em>Contes d\u2019automne<\/em> de Gr\u00e9goire Solotareff \u2014 <strong>Th\u00e9\u00e2tre Les Tanneurs.<\/strong><\/p>\n\n\n\n<p class=\"has-text-color has-link-color has-medium-font-size wp-elements-d10f60794646934927df0b278ca18041\" style=\"color:#f3690e\"><strong>2001 \u2013 2002<\/strong><\/p>\n\n\n\n<p>Ateliers d\u2019\u00e9criture et interpr\u00e9tation th\u00e9\u00e2trale dans le prolongement du spectacle <em>R\u00eavarum 5 CH<\/em> avec deux classes de l\u2019\u00c9cole \u00c9mile Max \u00e0 Schaerbeek \u2014 <strong>Th\u00e9\u00e2tre de L\u2019L.<\/strong><\/p>\n\n\n\n<p><\/p>\n","protected":false},"excerpt":{"rendered":"<p>2025 \u2013 2026 Ateliers d\u2019\u00e9criture \u00ab\u00a0\u00c9criture et voix\u00a0\u00bb avec des usager\u00b7\u00e8res de SOS jeunes afin de permettre l\u2019expression \u00e9crite puis l\u2019enregistrement des voix \u2014 SOS jeunes et asbl Article 27. 2023 \u2013 2025 \u2022 Ateliers d\u2019\u00e9criture \u00ab&nbsp;Le droit de choisir&nbsp;\u00bb avec des usag\u00e8res du CPAS d\u2019Ixelles dans le but de cr\u00e9er un podcast \u2014 CPAS&hellip;&nbsp;<a href=\"http:\/\/laurencekahn.be\/index.php\/liste-des-ateliers-decriture\/\" class=\"\" rel=\"bookmark\">Lire la suite &raquo;<span class=\"screen-reader-text\">Liste des ateliers d&rsquo;\u00e9criture<\/span><\/a><\/p>\n","protected":false},"author":1,"featured_media":0,"parent":0,"menu_order":0,"comment_status":"closed","ping_status":"closed","template":"","meta":{"advgb_blocks_editor_width":"","advgb_blocks_columns_visual_guide":"","neve_meta_sidebar":"","neve_meta_container":"","neve_meta_enable_content_width":"","neve_meta_content_width":0,"neve_meta_title_alignment":"","neve_meta_author_avatar":"","neve_post_elements_order":"","neve_meta_disable_header":"","neve_meta_disable_footer":"","neve_meta_disable_title":"","_themeisle_gutenberg_block_has_review":false,"_vp_format_video_url":"","_vp_image_focal_point":[],"footnotes":""},"class_list":["post-4397","page","type-page","status-publish","hentry"],"coauthors":[],"author_meta":{"author_link":"http:\/\/laurencekahn.be\/index.php\/author\/admin8756\/","display_name":"admin8756"},"relative_dates":{"created":"Publi\u00e9 1 an il y a","modified":"Mis \u00e0 jour 4 mois il y a"},"absolute_dates":{"created":"Publi\u00e9 le 3 f\u00e9vrier 2025","modified":"Mise \u00e0 jour le 14 janvier 2026"},"absolute_dates_time":{"created":"Publi\u00e9 le 3 f\u00e9vrier 2025 18 h 59 min","modified":"Mise \u00e0 jour le 14 janvier 2026 11 h 42 min"},"featured_img_caption":"","featured_img":false,"series_order":"","_links":{"self":[{"href":"http:\/\/laurencekahn.be\/index.php\/wp-json\/wp\/v2\/pages\/4397"}],"collection":[{"href":"http:\/\/laurencekahn.be\/index.php\/wp-json\/wp\/v2\/pages"}],"about":[{"href":"http:\/\/laurencekahn.be\/index.php\/wp-json\/wp\/v2\/types\/page"}],"author":[{"embeddable":true,"href":"http:\/\/laurencekahn.be\/index.php\/wp-json\/wp\/v2\/users\/1"}],"replies":[{"embeddable":true,"href":"http:\/\/laurencekahn.be\/index.php\/wp-json\/wp\/v2\/comments?post=4397"}],"version-history":[{"count":10,"href":"http:\/\/laurencekahn.be\/index.php\/wp-json\/wp\/v2\/pages\/4397\/revisions"}],"predecessor-version":[{"id":4478,"href":"http:\/\/laurencekahn.be\/index.php\/wp-json\/wp\/v2\/pages\/4397\/revisions\/4478"}],"wp:attachment":[{"href":"http:\/\/laurencekahn.be\/index.php\/wp-json\/wp\/v2\/media?parent=4397"}],"curies":[{"name":"wp","href":"https:\/\/api.w.org\/{rel}","templated":true}]}}