{"id":1920,"date":"2020-09-24T11:23:50","date_gmt":"2020-09-24T09:23:50","guid":{"rendered":"http:\/\/laurencekahn.be\/?page_id=1920"},"modified":"2021-12-06T11:27:08","modified_gmt":"2021-12-06T10:27:08","slug":"cheminement","status":"publish","type":"page","link":"http:\/\/laurencekahn.be\/index.php\/cheminement\/","title":{"rendered":"Cheminement"},"content":{"rendered":"\n<figure class=\"wp-block-gallery columns-2 is-cropped wp-block-gallery-1\"><ul class=\"blocks-gallery-grid\"><li class=\"blocks-gallery-item\"><figure><img loading=\"lazy\" decoding=\"async\" width=\"682\" height=\"1024\" src=\"http:\/\/laurencekahn.be\/wp-content\/uploads\/2020\/09\/11.09.14-682x1024.jpg\" alt=\"\" data-id=\"2970\" data-full-url=\"http:\/\/laurencekahn.be\/wp-content\/uploads\/2020\/09\/11.09.14-scaled.jpg\" data-link=\"http:\/\/laurencekahn.be\/?attachment_id=2970\" class=\"wp-image-2970\" srcset=\"http:\/\/laurencekahn.be\/wp-content\/uploads\/2020\/09\/11.09.14-682x1024.jpg 682w, http:\/\/laurencekahn.be\/wp-content\/uploads\/2020\/09\/11.09.14-200x300.jpg 200w, http:\/\/laurencekahn.be\/wp-content\/uploads\/2020\/09\/11.09.14-768x1153.jpg 768w, http:\/\/laurencekahn.be\/wp-content\/uploads\/2020\/09\/11.09.14-333x500.jpg 333w, http:\/\/laurencekahn.be\/wp-content\/uploads\/2020\/09\/11.09.14-533x800.jpg 533w, http:\/\/laurencekahn.be\/wp-content\/uploads\/2020\/09\/11.09.14-852x1280.jpg 852w, http:\/\/laurencekahn.be\/wp-content\/uploads\/2020\/09\/11.09.14-1279x1920.jpg 1279w, http:\/\/laurencekahn.be\/wp-content\/uploads\/2020\/09\/11.09.14-1023x1536.jpg 1023w, http:\/\/laurencekahn.be\/wp-content\/uploads\/2020\/09\/11.09.14-1364x2048.jpg 1364w, http:\/\/laurencekahn.be\/wp-content\/uploads\/2020\/09\/11.09.14-scaled.jpg 1705w\" sizes=\"(max-width: 682px) 100vw, 682px\" \/><\/figure><\/li><li class=\"blocks-gallery-item\"><figure><img loading=\"lazy\" decoding=\"async\" width=\"682\" height=\"1024\" src=\"http:\/\/laurencekahn.be\/wp-content\/uploads\/2020\/09\/Pouilles-1.10.14-5-682x1024.jpg\" alt=\"\" data-id=\"2971\" data-full-url=\"http:\/\/laurencekahn.be\/wp-content\/uploads\/2020\/09\/Pouilles-1.10.14-5-scaled.jpg\" data-link=\"http:\/\/laurencekahn.be\/?attachment_id=2971\" class=\"wp-image-2971 is-layout-flex wp-block-gallery-is-layout-flex\" srcset=\"http:\/\/laurencekahn.be\/wp-content\/uploads\/2020\/09\/Pouilles-1.10.14-5-682x1024.jpg 682w, http:\/\/laurencekahn.be\/wp-content\/uploads\/2020\/09\/Pouilles-1.10.14-5-200x300.jpg 200w, http:\/\/laurencekahn.be\/wp-content\/uploads\/2020\/09\/Pouilles-1.10.14-5-768x1153.jpg 768w, http:\/\/laurencekahn.be\/wp-content\/uploads\/2020\/09\/Pouilles-1.10.14-5-333x500.jpg 333w, http:\/\/laurencekahn.be\/wp-content\/uploads\/2020\/09\/Pouilles-1.10.14-5-533x800.jpg 533w, http:\/\/laurencekahn.be\/wp-content\/uploads\/2020\/09\/Pouilles-1.10.14-5-852x1280.jpg 852w, http:\/\/laurencekahn.be\/wp-content\/uploads\/2020\/09\/Pouilles-1.10.14-5-1279x1920.jpg 1279w, http:\/\/laurencekahn.be\/wp-content\/uploads\/2020\/09\/Pouilles-1.10.14-5-1023x1536.jpg 1023w, http:\/\/laurencekahn.be\/wp-content\/uploads\/2020\/09\/Pouilles-1.10.14-5-1364x2048.jpg 1364w, http:\/\/laurencekahn.be\/wp-content\/uploads\/2020\/09\/Pouilles-1.10.14-5-scaled.jpg 1705w\" sizes=\"(max-width: 682px) 100vw, 682px\" \/><\/figure><\/li><\/ul><\/figure>\n\n\n\n<div style=\"height:40px\" aria-hidden=\"true\" class=\"wp-block-spacer\"><\/div>\n\n\n\n<p class=\"has-text-align-left has-text-color\" style=\"color:#f3690e;font-size:25px\"><strong>\u00c9tudes \u00b7 formations<\/strong><\/p>\n\n\n\n<div class=\"wp-block-themeisle-blocks-advanced-columns has-3-columns has-desktop-equal-layout has-tablet-equal-layout has-mobile-collapsedRows-layout has-default-gap has-vertical-unset\" id=\"wp-block-themeisle-blocks-advanced-columns-7582a91a\"><div class=\"wp-block-themeisle-blocks-advanced-columns-overlay\"><\/div><div class=\"innerblocks-wrap\">\n<div class=\"wp-block-themeisle-blocks-advanced-column\" id=\"wp-block-themeisle-blocks-advanced-column-d182518e\">\n<p class=\"has-text-align-center\" style=\"font-size:18px\">\u00c9tudes de sociologie \u00e0 l&rsquo;ULB<\/p>\n<\/div>\n\n\n\n<div class=\"wp-block-themeisle-blocks-advanced-column\" id=\"wp-block-themeisle-blocks-advanced-column-6a1676e1\">\n<p class=\"has-text-align-center\" style=\"font-size:18px\">Cours de th\u00e9\u00e2tre gestuel \u00e0 la Kleine Academie<\/p>\n<\/div>\n\n\n\n<div class=\"wp-block-themeisle-blocks-advanced-column\" id=\"wp-block-themeisle-blocks-advanced-column-3f7e230e\">\n<p class=\"has-text-align-center\" style=\"font-size:18px\">Formation de base en alphab\u00e9tisation \u00e0 Lire et \u00c9crire<\/p>\n<\/div>\n<\/div><\/div>\n\n\n\n<div class=\"wp-block-themeisle-blocks-advanced-columns has-1-columns has-desktop-equal-layout has-tablet-equal-layout has-mobile-equal-layout has-default-gap has-vertical-unset\" id=\"wp-block-themeisle-blocks-advanced-columns-2b597813\"><div class=\"wp-block-themeisle-blocks-advanced-columns-overlay\"><\/div><div class=\"innerblocks-wrap\">\n<div class=\"wp-block-themeisle-blocks-advanced-column\" id=\"wp-block-themeisle-blocks-advanced-column-09caf723\">\n<p class=\"has-text-align-center\">Cours et stages centr\u00e9s sur le travail d\u2019improvisation :<br>en chant (Anita Daulne, Marie-Sophie Talbot, Sylvie Storme), en danse (Estela Undurraga, Fran\u00e7oise Leick, Julien Hamilton) et en th\u00e9\u00e2tre (Jean-Luc Breuer, Michel Bijon, Issa Sinar\u00e9) <\/p>\n<\/div>\n<\/div><\/div>\n\n\n\n<div style=\"height:20px\" aria-hidden=\"true\" class=\"wp-block-spacer\"><\/div>\n\n\n\n<div style=\"height:20px\" aria-hidden=\"true\" class=\"wp-block-spacer\"><\/div>\n\n\n\n<p class=\"has-text-color\" style=\"color:#f3690e;font-size:25px\"><strong>Sources \u00b7 ressources <\/strong><\/p>\n\n\n\n<div class=\"wp-block-themeisle-blocks-advanced-columns has-4-columns has-desktop-equal-layout has-tablet-equal-layout has-mobile-collapsedRows-layout has-default-gap has-vertical-unset\" id=\"wp-block-themeisle-blocks-advanced-columns-bfdac47e\"><div class=\"wp-block-themeisle-blocks-advanced-columns-overlay\"><\/div><div class=\"innerblocks-wrap\">\n<div class=\"wp-block-themeisle-blocks-advanced-column\" id=\"wp-block-themeisle-blocks-advanced-column-bfa8ca6f\">\n<p class=\"has-text-align-center\"><a href=\"http:\/\/laurencekahn.be\/wp-content\/uploads\/2020\/09\/L\u2019ART-BRUT.Sources.pdf\" target=\"_blank\" rel=\"noreferrer noopener\" aria-label=\"L'art brut (s\u2019ouvre dans un nouvel onglet)\">L&rsquo;art brut<\/a><\/p>\n<\/div>\n\n\n\n<div class=\"wp-block-themeisle-blocks-advanced-column\" id=\"wp-block-themeisle-blocks-advanced-column-13349fc3\">\n<p class=\"has-text-align-center\"><a href=\"http:\/\/laurencekahn.be\/wp-content\/uploads\/2020\/09\/Jean-Dubuffet.pdf\" target=\"_blank\" rel=\"noreferrer noopener\" aria-label=\"Jean Dubuffet (s\u2019ouvre dans un nouvel onglet)\">Jean Dubuffet<\/a><\/p>\n<\/div>\n\n\n\n<div class=\"wp-block-themeisle-blocks-advanced-column\" id=\"wp-block-themeisle-blocks-advanced-column-0f79b5ca\">\n<p class=\"has-text-align-center\"><a href=\"http:\/\/laurencekahn.be\/wp-content\/uploads\/2020\/09\/CoBrA.pdf\" target=\"_blank\" rel=\"noreferrer noopener\" aria-label=\"Le mouvement CoBrA (s\u2019ouvre dans un nouvel onglet)\">Le mouvement CoBrA<\/a><\/p>\n<\/div>\n\n\n\n<div class=\"wp-block-themeisle-blocks-advanced-column\" id=\"wp-block-themeisle-blocks-advanced-column-8efcca83\">\n<p class=\"has-text-align-center\"><a href=\"http:\/\/laurencekahn.be\/wp-content\/uploads\/2020\/09\/Benjamin-Pe\u0301ret.pdf\" target=\"_blank\" rel=\"noreferrer noopener\" aria-label=\"Benjamin P\u00e9ret (s\u2019ouvre dans un nouvel onglet)\">Benjamin P\u00e9ret<\/a><\/p>\n<\/div>\n<\/div><\/div>\n\n\n\n<div class=\"wp-block-themeisle-blocks-advanced-columns has-4-columns has-desktop-equal-layout has-tablet-equal-layout has-mobile-collapsedRows-layout has-default-gap has-vertical-unset\" id=\"wp-block-themeisle-blocks-advanced-columns-22d9490f\"><div class=\"wp-block-themeisle-blocks-advanced-columns-overlay\"><\/div><div class=\"innerblocks-wrap\">\n<div class=\"wp-block-themeisle-blocks-advanced-column\" id=\"wp-block-themeisle-blocks-advanced-column-d5a55e54\">\n<p class=\"has-text-align-center\"><a href=\"http:\/\/laurencekahn.be\/wp-content\/uploads\/2020\/09\/Yoshi-Oida.pdf\" target=\"_blank\" rel=\"noreferrer noopener\" aria-label=\"Yoshi Oida (s\u2019ouvre dans un nouvel onglet)\">Yoshi Oida<\/a><\/p>\n<\/div>\n\n\n\n<div class=\"wp-block-themeisle-blocks-advanced-column\" id=\"wp-block-themeisle-blocks-advanced-column-8e7b17a1\">\n<p class=\"has-text-align-center\"><a href=\"http:\/\/laurencekahn.be\/wp-content\/uploads\/2020\/09\/Eugen-Herrigel.pdf\" target=\"_blank\" rel=\"noreferrer noopener\" aria-label=\"Eugen Herrigel (s\u2019ouvre dans un nouvel onglet)\">Eugen Herrigel<\/a><\/p>\n<\/div>\n\n\n\n<div class=\"wp-block-themeisle-blocks-advanced-column\" id=\"wp-block-themeisle-blocks-advanced-column-d384e4e8\">\n<p class=\"has-text-align-center\"><a href=\"http:\/\/laurencekahn.be\/wp-content\/uploads\/2020\/09\/Natalie-Goldberg.pdf\" target=\"_blank\" rel=\"noreferrer noopener\" aria-label=\"Natalie Goldberg (s\u2019ouvre dans un nouvel onglet)\">Natalie Goldberg<\/a><\/p>\n<\/div>\n\n\n\n<div class=\"wp-block-themeisle-blocks-advanced-column\" id=\"wp-block-themeisle-blocks-advanced-column-a1d81323\">\n<p class=\"has-text-align-center\"><a href=\"http:\/\/laurencekahn.be\/wp-content\/uploads\/2020\/09\/Surre\u0301alisme.pdf\" target=\"_blank\" rel=\"noreferrer noopener\" aria-label=\"Le surr\u00e9alisme (s\u2019ouvre dans un nouvel onglet)\">Le surr\u00e9alisme<\/a><\/p>\n<\/div>\n<\/div><\/div>\n\n\n\n<div class=\"wp-block-themeisle-blocks-advanced-columns has-4-columns has-desktop-equal-layout has-tablet-equal-layout has-mobile-collapsedRows-layout has-default-gap has-vertical-unset\" id=\"wp-block-themeisle-blocks-advanced-columns-67f38833\"><div class=\"wp-block-themeisle-blocks-advanced-columns-overlay\"><\/div><div class=\"innerblocks-wrap\">\n<div class=\"wp-block-themeisle-blocks-advanced-column\" id=\"wp-block-themeisle-blocks-advanced-column-24755a5b\">\n<p class=\"has-text-align-center\"><a href=\"http:\/\/laurencekahn.be\/wp-content\/uploads\/2020\/09\/Louis-Scutenaire-1.pdf\" target=\"_blank\" rel=\"noreferrer noopener\" aria-label=\"Louis Scutenaire (s\u2019ouvre dans un nouvel onglet)\">Louis Scutenaire<\/a><\/p>\n<\/div>\n\n\n\n<div class=\"wp-block-themeisle-blocks-advanced-column\" id=\"wp-block-themeisle-blocks-advanced-column-4e54fc8d\">\n<p class=\"has-text-align-center\"><a href=\"http:\/\/laurencekahn.be\/wp-content\/uploads\/2020\/09\/Achille-Chave\u0301e.pdf\" target=\"_blank\" rel=\"noreferrer noopener\" aria-label=\"Achille Chav\u00e9e (s\u2019ouvre dans un nouvel onglet)\">Achille Chav\u00e9e<\/a><\/p>\n<\/div>\n\n\n\n<div class=\"wp-block-themeisle-blocks-advanced-column\" id=\"wp-block-themeisle-blocks-advanced-column-f2f2100c\">\n<p class=\"has-text-align-center\"><a href=\"http:\/\/laurencekahn.be\/wp-content\/uploads\/2020\/09\/Antonin-Artaud-1.pdf\" target=\"_blank\" rel=\"noreferrer noopener\" aria-label=\"Antonin Artaud (s\u2019ouvre dans un nouvel onglet)\">Antonin Artaud<\/a><\/p>\n<\/div>\n\n\n\n<div class=\"wp-block-themeisle-blocks-advanced-column\" id=\"wp-block-themeisle-blocks-advanced-column-c648628d\">\n<p class=\"has-text-align-center\"><a href=\"http:\/\/laurencekahn.be\/wp-content\/uploads\/2020\/09\/Georges-Perec.pdf\" target=\"_blank\" rel=\"noreferrer noopener\" aria-label=\"Georges Perec (s\u2019ouvre dans un nouvel onglet)\">Georges Perec<\/a><\/p>\n<\/div>\n<\/div><\/div>\n\n\n\n<div class=\"wp-block-themeisle-blocks-advanced-columns has-4-columns has-desktop-equal-layout has-tablet-equal-layout has-mobile-collapsedRows-layout has-default-gap has-vertical-unset\" id=\"wp-block-themeisle-blocks-advanced-columns-ebbf8b16\"><div class=\"wp-block-themeisle-blocks-advanced-columns-overlay\"><\/div><div class=\"innerblocks-wrap\">\n<div class=\"wp-block-themeisle-blocks-advanced-column\" id=\"wp-block-themeisle-blocks-advanced-column-c5075859\">\n<p class=\"has-text-align-center\"><a href=\"http:\/\/laurencekahn.be\/wp-content\/uploads\/2020\/09\/Jean-Cocteau-1.pdf\" target=\"_blank\" rel=\"noreferrer noopener\" aria-label=\"Jean Cocteau (s\u2019ouvre dans un nouvel onglet)\">Jean Cocteau<\/a><\/p>\n<\/div>\n\n\n\n<div class=\"wp-block-themeisle-blocks-advanced-column\" id=\"wp-block-themeisle-blocks-advanced-column-72f6847a\"><\/div>\n\n\n\n<div class=\"wp-block-themeisle-blocks-advanced-column\" id=\"wp-block-themeisle-blocks-advanced-column-dd755852\"><\/div>\n\n\n\n<div class=\"wp-block-themeisle-blocks-advanced-column\" id=\"wp-block-themeisle-blocks-advanced-column-1710b732\"><\/div>\n<\/div><\/div>\n\n\n\n<div style=\"height:20px\" aria-hidden=\"true\" class=\"wp-block-spacer\"><\/div>\n\n\n\n<div style=\"height:20px\" aria-hidden=\"true\" class=\"wp-block-spacer\"><\/div>\n\n\n\n<p class=\"has-text-color\" style=\"color:#f3690e;font-size:25px\"><strong>Suivant les sons et les images<\/strong><\/p>\n\n\n\n<p>Ma relation \u00e0 l\u2019\u00e9criture a chang\u00e9 au fil du temps. Au d\u00e9but, elle me permet d&rsquo;exposer ma pens\u00e9e, de transmettre mes sensations ou de voyager hors du r\u00e9el : elle constitue avant tout <strong>un moyen au service d\u2019un objectif<\/strong>.<\/p>\n\n\n\n<p>En 2003, je pars trois mois en Italie, \u00e0 une \u00e9poque o\u00f9 je me trouve bloqu\u00e9e sur la route vers l&rsquo;\u00e9crit. Dans la biblioth\u00e8que d&rsquo;un ami milanais, je d\u00e9couvre <em><a rel=\"noreferrer noopener\" href=\"http:\/\/laurencekahn.be\/wp-content\/uploads\/2020\/09\/Natalie-Goldberg.pdf\" target=\"_blank\">Scrivere Zen<\/a><\/em>, une traduction du livre <em>Writing down the bones<\/em> de l&rsquo;autrice am\u00e9ricaine Natalie Goldberg, qui sugg\u00e8re des pistes concr\u00e8tes pour se d\u00e9gager des entraves et m&rsquo;ouvre de nouveaux horizons. En m\u00eame temps, plong\u00e9e dans la langue italienne, j\u2019observe les mots avec une fra\u00eecheur nouvelle. Se profile une mani\u00e8re diff\u00e9rente de les aborder, qui consiste \u00e0 les faire sortir de l\u2019aveuglante familiarit\u00e9 pour leur rendre leur \u00e9tranget\u00e9. L\u2019\u00e9criture commence alors \u00e0 m\u2019int\u00e9resser en tant que <strong>mati\u00e8re sonore et imag\u00e9e<\/strong> \u00e0 explorer pour elle-m\u00eame. Au lieu de chercher \u00e0 dominer les mots pour les mettre \u00e0 mon service, je cherche \u00e0 d\u00e9velopper ma capacit\u00e9 \u00e0 me laisser guider par eux. Concr\u00e8tement, cela demande d\u2019accueillir l\u2019impr\u00e9vu, l\u2019absurde, l\u2019insolite. Retirer sa toute-puissance \u00e0 l\u2019\u00e9vidence.<\/p>\n\n\n\n<p>C\u2019est dans cet \u00e9tat d\u2019esprit que j\u2019ai con\u00e7u <a rel=\"noreferrer noopener\" aria-label=\"les ateliers d'improvisation \u00e9crite (s\u2019ouvre dans un nouvel onglet)\" href=\"http:\/\/laurencekahn.be\/?page_id=129&amp;preview=true\" target=\"_blank\">les ateliers d&rsquo;improvisation \u00e9crite<\/a>. Improviser permet de faire des exp\u00e9riences en toute s\u00e9curit\u00e9, de laisser un instant de c\u00f4t\u00e9 les sch\u00e9mas connus pour se lancer dans des risques f\u00e9conds. Si j\u2019abandonne le contr\u00f4le sur les mots et que je me laisse faire par eux, que va-t-il m\u2019arriver&nbsp;? Est-ce que cela change mon regard sur le monde&nbsp;? Si je sors de la logique habituelle, est-ce que plus rien n\u2019a de sens ou <strong>est-ce que d&rsquo;autres sens peuvent exister&nbsp;?<\/strong><br><\/p>\n\n\n\n<div style=\"height:40px\" aria-hidden=\"true\" class=\"wp-block-spacer\"><\/div>\n\n\n\n<p class=\"has-text-color\" style=\"color:#f3690e;font-size:25px\"><strong>Interventions \u00b7 transmissions<\/strong><\/p>\n\n\n\n<p><strong>\u00b7<\/strong> Expos\u00e9 sur le processus de cr\u00e9ation du <a rel=\"noreferrer noopener\" aria-label=\"livre Jeux d'\u00e9criture (s\u2019ouvre dans un nouvel onglet)\" href=\"http:\/\/laurencekahn.be\/?page_id=1217&amp;preview=true\" target=\"_blank\">livre <em>Jeux d&rsquo;\u00e9criture<\/em><\/a> lors de la journ\u00e9e <strong>\u00ab\u00a0La m\u00e9diation culturelle : effet de mode, mission ou n\u00e9cessit\u00e9 ?\u00a0\u00bb<\/strong> au Th\u00e9\u00e2tre Les Tanneurs.<br><br><strong>\u00b7<\/strong> Accompagnement d&rsquo;une \u00e9quipe en r\u00e9sidence artistique \u00e0 L&rsquo;L afin de pr\u00e9ciser les <strong>intentions artistiques<\/strong>.<br><br><strong>\u00b7<\/strong> Pr\u00e9sentation des ateliers d\u2019\u00e9criture et mise en situation cr\u00e9ative dans le cadre du projet europ\u00e9en Grundtvig <strong>\u00ab\u00a0culture et inclusion sociale\u00a0\u00bb<\/strong> au Th\u00e9\u00e2tre National pour l\u2019association Article 27.<br><br><strong>\u00b7<\/strong> Intervention dans le s\u00e9minaire <strong>\u00ab\u00a0Mener des ateliers artistiques avec des publics fragilis\u00e9s\u00a0\u00bb<\/strong>  dans le cadre du programme d\u2019\u00e9tudes de l\u2019agr\u00e9gation pour l\u2019\u00c9cole  Sup\u00e9rieure des Arts Saint-Luc et l\u2019\u00c9cole de Recherche Graphique.<br><br><strong>\u00b7<\/strong> Pr\u00e9sentation des ateliers d\u2019\u00e9criture et mise en situation cr\u00e9ative dans la journ\u00e9e <strong>\u00ab\u00a0Remue-M\u00e9ninges autour des Ateliers Vid\u00e9os\u00a0\u00bb <\/strong>pour l\u2019association Vid\u00e9o \u00c9ducation Permanente (VIDEP).<br><br><strong>\u00b7<\/strong> Formation sur la <strong>mise en pratique de techniques ludiques avec les enfants<\/strong> pour les b\u00e9n\u00e9voles du programme \u00ab\u00a0coup de pouce dans les \u00e9coles\u00a0\u00bb pour l\u2019association \u00c2ges &amp; Transmissions.<br><br><strong>\u00b7<\/strong> Conduite d\u2019une rencontre avec \u00e9changes de pratiques sur les <strong>animations d\u2019ateliers d\u2019\u00e9criture \u00e0 des publics fragilis\u00e9s<\/strong> pour le r\u00e9seau Kalame.<br><br><strong>\u00b7<\/strong> Formation <strong>\u00ab\u00a0Ateliers d&rsquo;\u00e9criture en classe \u2013 Jouer avec les mots, la voix, le corps, pour \u00e9crire\u00a0\u00bb<\/strong> destin\u00e9e aux enseignant\u00b7e\u00b7s dans le cadre des formations volontaires reconnues par le CECP pour l&rsquo;association Pierre de Lune.<\/p>\n\n\n\n<figure class=\"wp-block-gallery aligncenter columns-2 is-cropped wp-block-gallery-2\"><ul class=\"blocks-gallery-grid\"><li class=\"blocks-gallery-item\"><figure><img loading=\"lazy\" decoding=\"async\" width=\"1024\" height=\"682\" src=\"http:\/\/laurencekahn.be\/wp-content\/uploads\/2020\/08\/Nieuport-25.03.17-3-1024x682.jpg\" alt=\"\" data-id=\"2777\" data-full-url=\"http:\/\/laurencekahn.be\/wp-content\/uploads\/2020\/08\/Nieuport-25.03.17-3-scaled.jpg\" data-link=\"http:\/\/laurencekahn.be\/index.php\/nieuport-dattache-et-abords-de-mer\/version-2-362\/\" class=\"wp-image-2777\" srcset=\"http:\/\/laurencekahn.be\/wp-content\/uploads\/2020\/08\/Nieuport-25.03.17-3-1024x682.jpg 1024w, http:\/\/laurencekahn.be\/wp-content\/uploads\/2020\/08\/Nieuport-25.03.17-3-300x200.jpg 300w, http:\/\/laurencekahn.be\/wp-content\/uploads\/2020\/08\/Nieuport-25.03.17-3-768x511.jpg 768w, http:\/\/laurencekahn.be\/wp-content\/uploads\/2020\/08\/Nieuport-25.03.17-3-500x333.jpg 500w, http:\/\/laurencekahn.be\/wp-content\/uploads\/2020\/08\/Nieuport-25.03.17-3-800x533.jpg 800w, http:\/\/laurencekahn.be\/wp-content\/uploads\/2020\/08\/Nieuport-25.03.17-3-1280x852.jpg 1280w, http:\/\/laurencekahn.be\/wp-content\/uploads\/2020\/08\/Nieuport-25.03.17-3-1920x1279.jpg 1920w, http:\/\/laurencekahn.be\/wp-content\/uploads\/2020\/08\/Nieuport-25.03.17-3-1536x1023.jpg 1536w, http:\/\/laurencekahn.be\/wp-content\/uploads\/2020\/08\/Nieuport-25.03.17-3-2048x1364.jpg 2048w, http:\/\/laurencekahn.be\/wp-content\/uploads\/2020\/08\/Nieuport-25.03.17-3-930x620.jpg 930w\" sizes=\"(max-width: 1024px) 100vw, 1024px\" \/><\/figure><\/li><li class=\"blocks-gallery-item\"><figure><img loading=\"lazy\" decoding=\"async\" width=\"682\" height=\"1024\" src=\"http:\/\/laurencekahn.be\/wp-content\/uploads\/2020\/08\/Pouilles-26.09.14-6-682x1024.jpg\" alt=\"\" data-id=\"2588\" data-full-url=\"http:\/\/laurencekahn.be\/wp-content\/uploads\/2020\/08\/Pouilles-26.09.14-6-scaled.jpg\" data-link=\"http:\/\/laurencekahn.be\/index.php\/des-pouilles\/version-2-283\/\" class=\"wp-image-2588 is-layout-flex wp-block-gallery-is-layout-flex\" srcset=\"http:\/\/laurencekahn.be\/wp-content\/uploads\/2020\/08\/Pouilles-26.09.14-6-682x1024.jpg 682w, http:\/\/laurencekahn.be\/wp-content\/uploads\/2020\/08\/Pouilles-26.09.14-6-200x300.jpg 200w, http:\/\/laurencekahn.be\/wp-content\/uploads\/2020\/08\/Pouilles-26.09.14-6-768x1153.jpg 768w, http:\/\/laurencekahn.be\/wp-content\/uploads\/2020\/08\/Pouilles-26.09.14-6-333x500.jpg 333w, http:\/\/laurencekahn.be\/wp-content\/uploads\/2020\/08\/Pouilles-26.09.14-6-533x800.jpg 533w, http:\/\/laurencekahn.be\/wp-content\/uploads\/2020\/08\/Pouilles-26.09.14-6-852x1280.jpg 852w, http:\/\/laurencekahn.be\/wp-content\/uploads\/2020\/08\/Pouilles-26.09.14-6-1279x1920.jpg 1279w, http:\/\/laurencekahn.be\/wp-content\/uploads\/2020\/08\/Pouilles-26.09.14-6-1023x1536.jpg 1023w, http:\/\/laurencekahn.be\/wp-content\/uploads\/2020\/08\/Pouilles-26.09.14-6-1364x2048.jpg 1364w, http:\/\/laurencekahn.be\/wp-content\/uploads\/2020\/08\/Pouilles-26.09.14-6-scaled.jpg 1705w\" sizes=\"(max-width: 682px) 100vw, 682px\" \/><\/figure><\/li><\/ul><\/figure>\n","protected":false},"excerpt":{"rendered":"<p>\u00c9tudes \u00b7 formations Sources \u00b7 ressources Suivant les sons et les images Ma relation \u00e0 l\u2019\u00e9criture a chang\u00e9 au fil du temps. Au d\u00e9but, elle me permet d&rsquo;exposer ma pens\u00e9e, de transmettre mes sensations ou de voyager hors du r\u00e9el : elle constitue avant tout un moyen au service d\u2019un objectif. En 2003, je pars&hellip;&nbsp;<a href=\"http:\/\/laurencekahn.be\/index.php\/cheminement\/\" class=\"\" rel=\"bookmark\">Lire la suite &raquo;<span class=\"screen-reader-text\">Cheminement<\/span><\/a><\/p>\n","protected":false},"author":1,"featured_media":0,"parent":0,"menu_order":0,"comment_status":"closed","ping_status":"closed","template":"","meta":{"advgb_blocks_editor_width":"","advgb_blocks_columns_visual_guide":"","neve_meta_sidebar":"default","neve_meta_container":"default","neve_meta_enable_content_width":"off","neve_meta_content_width":100,"neve_meta_title_alignment":"","neve_meta_author_avatar":"","neve_post_elements_order":"","neve_meta_disable_header":"off","neve_meta_disable_footer":"off","neve_meta_disable_title":"off","_themeisle_gutenberg_block_has_review":false,"_vp_format_video_url":"","_vp_image_focal_point":[],"footnotes":""},"class_list":["post-1920","page","type-page","status-publish","hentry"],"coauthors":[],"author_meta":{"author_link":"http:\/\/laurencekahn.be\/index.php\/author\/admin8756\/","display_name":"admin8756"},"relative_dates":{"created":"Publi\u00e9 6 ans il y a","modified":"Mis \u00e0 jour 4 ans il y a"},"absolute_dates":{"created":"Publi\u00e9 le 24 septembre 2020","modified":"Mise \u00e0 jour le 6 d\u00e9cembre 2021"},"absolute_dates_time":{"created":"Publi\u00e9 le 24 septembre 2020 11 h 23 min","modified":"Mise \u00e0 jour le 6 d\u00e9cembre 2021 11 h 27 min"},"featured_img_caption":"","featured_img":false,"series_order":"","_links":{"self":[{"href":"http:\/\/laurencekahn.be\/index.php\/wp-json\/wp\/v2\/pages\/1920"}],"collection":[{"href":"http:\/\/laurencekahn.be\/index.php\/wp-json\/wp\/v2\/pages"}],"about":[{"href":"http:\/\/laurencekahn.be\/index.php\/wp-json\/wp\/v2\/types\/page"}],"author":[{"embeddable":true,"href":"http:\/\/laurencekahn.be\/index.php\/wp-json\/wp\/v2\/users\/1"}],"replies":[{"embeddable":true,"href":"http:\/\/laurencekahn.be\/index.php\/wp-json\/wp\/v2\/comments?post=1920"}],"version-history":[{"count":1,"href":"http:\/\/laurencekahn.be\/index.php\/wp-json\/wp\/v2\/pages\/1920\/revisions"}],"predecessor-version":[{"id":4445,"href":"http:\/\/laurencekahn.be\/index.php\/wp-json\/wp\/v2\/pages\/1920\/revisions\/4445"}],"wp:attachment":[{"href":"http:\/\/laurencekahn.be\/index.php\/wp-json\/wp\/v2\/media?parent=1920"}],"curies":[{"name":"wp","href":"https:\/\/api.w.org\/{rel}","templated":true}]}}